{"id":27,"date":"2015-05-01T12:44:34","date_gmt":"2015-05-01T12:44:34","guid":{"rendered":"http:\/\/paulrenner.net\/?page_id=27"},"modified":"2025-05-13T08:07:15","modified_gmt":"2025-05-13T08:07:15","slug":"biografie","status":"publish","type":"page","link":"https:\/\/paulrenner.net\/?page_id=27","title":{"rendered":"Biographie"},"content":{"rendered":"\n<p><\/p>\n\n\n\n<p>EA &#8211; Einzelausstellung&nbsp;<\/p>\n\n\n\n<p>AB &#8211; Ausstellungsbeteiligung&nbsp;<\/p>\n\n\n\n<p>P &#8211; Projekt \/ Kunst am Bau&nbsp;<\/p>\n\n\n\n<p>M &#8211; Men\u00fc \/ Event<\/p>\n\n\n\n<p>V &#8211; Vortrag \/ Pr\u00e4sentation \/ Lesung \/ Konzert \/ Film<\/p>\n\n\n\n<p><\/p>\n\n\n\n<p class=\"has-large-font-size\"><strong>2025<\/strong><\/p>\n\n\n\n<p><\/p>\n\n\n\n<p>EA &#8211; 12. Mai \u2013 31. Juli 2025 | ALCHEMICAL&nbsp;ALPHABET | Galerie Konzett | <strong>WIEN<\/strong>&nbsp;<\/p>\n\n\n\n<p>EA &#8211; 31. Mai \u2013 13. Juli 2025&nbsp; | VICTORIAN SAUSAGE |&nbsp;Collagen, Montagen,&nbsp;Foto\u00fcbermalungen&nbsp;| <strong>SCHLOSS&nbsp;WOLKERSDORF bei WIEN<\/strong><\/p>\n\n\n\n<p>M &#8211; 12. Juli 2025 | ADERLASS | Magazin 4 | <strong>BREGENZ<\/strong>&nbsp;<\/p>\n\n\n\n<p><\/p>\n\n\n\n<p class=\"has-large-font-size\"><strong>2024<\/strong><\/p>\n\n\n\n<p>EA\/M &#8211; 15. November 2024 | CHIAROSCURO | Atelier Montez | <strong>ROMA<\/strong>&nbsp;<\/p>\n\n\n\n<p>V &#8211; 14. November 2024&nbsp; | KUNST\/ ESSEN&nbsp; | forum austriaco di cultura&nbsp; | <strong>ROMA<\/strong><\/p>\n\n\n\n<p>EA &#8211; 24.11.2024 Vetrina | HOLY SHIT | Ausstellung Peter Raneburger &amp; Paul Renner | <strong>PORTO ST. MARGHERITA<\/strong><\/p>\n\n\n\n<p>AB &#8211; 11. Oktober \u2013 8.November 2024 | ART IS WHAT MAKES LIFE MORE INTERESTING THAN ART | discotec&nbsp; | <strong>WIEN<\/strong><\/p>\n\n\n\n<p>V &#8211; 11.Oktober 2024 | INTERNATIONALER WORKSHOP ZU RILKES DUINESER ELEGIEN | Universita degli Studi di Napoli \u201cFederico II\u201d | <strong>NAPOLI<\/strong>&nbsp;<\/p>\n\n\n\n<p>P\/M &#8211; 5. Oktober 2024&nbsp; | DIONYSOS G\u00d6TTLICHE WILDHEIT&nbsp; | Fosso lo Papa&nbsp; | <strong>MASSA LUBRENSE<\/strong><\/p>\n\n\n\n<p>P &#8211; 15.Juni 2024 permanent&nbsp; | BEINHAUS ST. PETER | Neugestaltung | <strong>RANKWEIL<\/strong><\/p>\n\n\n\n<p>EA &#8211; 2. November 2023 \u2013 21.1. 2024 | &nbsp;GOYANISCHE CANEDERLI | Galerie Rhomberg | <strong>INNSBRUCK<\/strong><\/p>\n\n\n\n<p class=\"has-large-font-size\"><strong>2023<\/strong><\/p>\n\n\n\n<p>EA &#8211; SPEZIEREN 9 Deposito delle Idee, 22. September\/PORTO ST. MARGHERITA&nbsp;<\/p>\n\n\n\n<p>EA &#8211; L`ALBERO DELLA CUCCAGNA mit Christian Schramm vorarlberg museum, 14. Juli\/BREGENZ<\/p>\n\n\n\n<p>M &#8211; STEIRER JUNGLE MIT INTIMSPRAY diethART collection, 15. April\/ST. LORENZEN im M\u00dcRZTAL<\/p>\n\n\n\n<p>EA &#8211; SCHAUEN, RIECHEN &amp; PRESSEN Nitsch Foundation 16. Februar \u2013 31.M\u00e4rz\/WIEN<\/p>\n\n\n\n<p class=\"has-large-font-size\"><strong>2022<\/strong><\/p>\n\n\n\n<p>EA &#8211; NIETZSCHES NATUREN mit Christoph K\u00f6nig und Christian Thanh\u00e4user Nietzsche Dokumentationszentrum, 15. Oktober &#8211; 15 Oktober 2024\/NAUMBURG&nbsp;<\/p>\n\n\n\n<p>EA\/M &#8211; VOODOO REVERSED La Crescentina \u2013 Laboratorio per l\u2019Arte, 18.Juni\/FUBINE MONFERRATO<\/p>\n\n\n\n<p>EA &#8211; HOUSTON SIE HABEN EIN PROBLEM mit&nbsp;Richard Hoeck Contemporary Arts Museum, 31. M\u00e4rz &#8211; 31. August\/HOUSTON TEXAS<\/p>\n\n\n\n<p>M &#8211; URBAN JUNGLE mit&nbsp;Bernhard B\u00f6hler und Paul Renner diethART collection, 21. Januar\/ST. LORENZEN im M\u00dcRZTAL<\/p>\n\n\n\n<p>M &#8211; HAUT GA\u00d4UT Wildpret &amp; Bushmeat mit Der Floh diethART collection, 11. Februar\/ST. LORENZEN im M\u00dcRZTAL<\/p>\n\n\n\n<p>M &#8211; MASEL TOV Kronl\u00e4nder hedonistisch mit Reinhard und Fabian Gerer diethART collection, 18. Februar\/ST. LORENZEN im M\u00dcRZTAL<\/p>\n\n\n\n<p>M &#8211; GRAND TOUR EXZESSIV mit Erwin Kasper diethART collection, 4. M\u00e4rz\/ST. LORENZEN im M\u00dcRZTAL<\/p>\n\n\n\n<p class=\"has-large-font-size\"><strong>2021<\/strong><\/p>\n\n\n\n<p>P &#8211; HORTUS SANCTI AUGUSTINI Kloster Neustift Vahrn, permanent\/BRIXEN<\/p>\n\n\n\n<p>P &#8211; KUNSTKAMMER Kloster Neustift Vahrn, permanent\/BRIXEN<\/p>\n\n\n\n<p>EA &#8211; HORNSTRUMPOT Galerie Konzett, 6. Juli &#8211; 31. August\/WIEN<\/p>\n\n\n\n<p class=\"has-large-font-size\"><strong>2020<\/strong><\/p>\n\n\n\n<p>PM &#8211; SANGRIA FOGOSA Gegenbauer am Naschmarkt, 24. Januar\/WIEN<\/p>\n\n\n\n<p>PM &#8211; BAULE ZIPFEL (der Muh Effekt)Gegenbauer am Naschmarkt, 21.Februar\/WIEN<\/p>\n\n\n\n<p>AB &#8211; SEHEN WER WIR SIND 100 Objekte aus der Sammlung vorarlberg museum, 3.Oktober\/BREGENZ<\/p>\n\n\n\n<p>PM &#8211; SANGRIA FOGOSA Gegenbauer am Naschmarkt, 24. Januar\/WIEN<\/p>\n\n\n\n<p>PM &#8211; SANGRIA FOGOSA Gegenbauer am Naschmarkt, 24. Januar\/WIEN<\/p>\n\n\n\n<p class=\"has-large-font-size\"><strong>2019<\/strong><\/p>\n\n\n\n<p>PM &#8211; ESSIGPUNSCH Gegenbauer am Naschmarkt, 27. Dezember\/WIEN<\/p>\n\n\n\n<p>PM &#8211; SACKWURST x 3 Gegenbauer am Naschmarkt, 24. Dezember\/WIEN<\/p>\n\n\n\n<p>PM &#8211; DIE WOLL\u00dcSTIGEN PILZE Gegenbauer am Naschmarkt, 20. Dezember\/WIEN<\/p>\n\n\n\n<p>M &#8211; THE ALCHEMICAL WEDDING Almhof Schneider, 14. Dezember\/LECH<\/p>\n\n\n\n<p>P &#8211; DIE ESSIGBAR Gegenbauer am Naschmarkt, 22. November\/WIEN<\/p>\n\n\n\n<p>EA\/M &#8211; THE HELL FIRE TOURING &amp; DINING CLUB&nbsp;M\u00fcller&amp; Partner, 27. Juni\/VADUZ<\/p>\n\n\n\n<p>M\/V &#8211; BLUTSPUREN Imago Dei Osterfestival, 14. April\/KREMS<\/p>\n\n\n\n<p>V &#8211; FORMES PHILOLOGIQUES DE PENS\u00c9E DE NIETZSCHE mit Christoph K\u00f6nig salle Pasteur labex Transfers, 27. M\u00e4rz\/PARIS<\/p>\n\n\n\n<p>M &#8211; SCHWARZ KUCHL&nbsp;Werkraum Bregenzerwald, 8. September\/ANDELSBUCH<\/p>\n\n\n\n<p>AB &#8211; SCHILLING MARK DOLLAR EURO&#8230;Galerie im Trakelhaus, 24. Juli -15. September\/SALZBURG<\/p>\n\n\n\n<p>M &#8211; THAMES CROCODILE DINNER Gallery 46, 23. Juni\/LONDON<\/p>\n\n\n\n<p>EA\/M\/V &#8211; THIS IS THE GATE OF HEAVEN mit&nbsp;Paul Sakoilsky&nbsp;Gallery 46, 7. Juni -7. Juli\/LONDON<\/p>\n\n\n\n<p>AB &#8211; IMAGO MUNDI&nbsp;Salone degli Incanti, 30. Mai &#8211; 2. September\/TRIESTE<\/p>\n\n\n\n<p>AB &#8211; L&#8217;ALBERO DELLA CUCCAGNA&nbsp;Museo d`arte Contemporanea Donnaregina, 24. Mai\/NAPOLI<\/p>\n\n\n\n<p>M &#8211; DECADENT CROCODILE &amp; GULASCH NIGHT&nbsp;The Watermill Center at Spring Place, 5. April\/NEW YORK<\/p>\n\n\n\n<p class=\"has-large-font-size\"><strong>2018<\/strong><\/p>\n\n\n\n<p>EA &#8211; THE DANGEROUS GAME Hinterwies, 15. Dezember \u2013 23. April 2019\/LECH<\/p>\n\n\n\n<p>AB &#8211; PURE HAS NOTHING TO DO WITH CLEAN Angus-Hughes Gallery, 12. Oktober \u2013 28. Oktober\/LONDON<\/p>\n\n\n\n<p>AB &#8211; GUERNICA&nbsp;Hofburg 20. September \u2013 2. November\/INNSBRUCK<\/p>\n\n\n\n<p>EA &#8211; K\u00dcNSTLICHE PARADIESE&nbsp;Kanzlei Sutterl\u00fcty Klagian Br\u00e4ndle Gisinger, 13. September\/DORNBIRN&nbsp;&nbsp;&nbsp;<\/p>\n\n\n\n<p>M &#8211;&nbsp;SCHWARZ KUCHL&nbsp;Werkraum Bregenzerwald, 8. September\/ANDELSBUCH&nbsp;<\/p>\n\n\n\n<p>M &#8211; THAMES CROCODILE DINNER&nbsp;Gallery 46, 23. Juni\/LONDON&nbsp;<\/p>\n\n\n\n<p>EA &#8211; THIS IS THE GATE OF HEAVEN&nbsp;mit Paul Sakoilsky Gallery 46, 7. Juni \u2013 7. Juli\/LONDON<\/p>\n\n\n\n<p>AB &#8211; IMAGO MUNDI&nbsp;Salone degli Incanti, 30. Mai \u2013 2. September\/TRIESTE&nbsp;&nbsp;<\/p>\n\n\n\n<p>EA &#8211;&nbsp;L\u2019ALBERO DELLA CUCCAGNA&nbsp;Museo d`arte Contemporanea Donneregina, 24. Mai\/NAPOLI<\/p>\n\n\n\n<p>M &#8211; DECADENT CROCODILE &amp; GULASCH NIGHT&nbsp;The Watermill Center at Spring Place, 5. April\/NEW YORK<\/p>\n\n\n\n<p class=\"has-large-font-size\"><strong>2017<\/strong><\/p>\n\n\n\n<p>EA\/M\/V &#8211; TODO ES NADA Palazzo Bottigella Giandini, 26. Mai &#8211; 1. Oktober\/PAVIA<\/p>\n\n\n\n<p>AB &#8211; FLUXUS AND FRIENDS Ludwig M\u00fazeum Budapest, 22. September &#8211; 26.&nbsp;November\/BUDAPEST<\/p>\n\n\n\n<p>AB &#8211; THE CHRISTINE &amp; ANDY HALL ART FOUNDATION Schloss Derneburg, 17. Juni &#8211; 31.Dezember\/DERNEBURG<\/p>\n\n\n\n<p>EA\/M &#8211; THE&nbsp;TOWER OF MADNESS Art Bodensee Galerie Konzett, 19. &#8211; 23. Juli\/DORNBIRN<\/p>\n\n\n\n<p>AB &#8211; TRANSFORMAZIONE Palazzo Ducale, 2.&nbsp;Dezember 2017 &#8211; 7.&nbsp;Januar 2018\/MASSA CARRARA<\/p>\n\n\n\n<p>EA\/M &#8211; SATURNALIEN Galerie Konzett, 17. Dezember 2017 &#8211; 27. Januar 2018\/WIEN<\/p>\n\n\n\n<p class=\"has-large-font-size\"><strong>2016<\/strong><\/p>\n\n\n\n<p>M &#8211; LUMI DI CHANUKKAH&nbsp;TRA STORIA, ARTE E DESIGN Triennale di Milano, 13. Dezember &#8211; 8. Januar 2017\/MILANO<\/p>\n\n\n\n<p>AB &#8211; SATURNALIEN III Galerie Konzett, 17. Dezember &#8211; 21. Januar 2017\/WIEN<\/p>\n\n\n\n<p>M &#8211; DIONYSOS-DITHYRAMBEN zu Christoph K\u00f6nigs Workshop und Kolloquium Bohnenkamp Haus Botanischer Garten, \/17.-19. November Universit\u00e4t\/OSNABR\u00dcCK<\/p>\n\n\n\n<p>AB &#8211; LUMI DI CHANUKKAH Palazzo Ducale di Mantova, 4. September &#8211; 28. September\/MANTOVA<\/p>\n\n\n\n<p>AB &#8211; 56.ANNALE: BRDO 1976-2016 Istrian Assembly Hall, 11. August &#8211; 11. September\/POREC&nbsp;<\/p>\n\n\n\n<p>M &#8211; THE FAKE, Vescon, 31. Mai\/ALBERSDORF-PREBUCH&nbsp;<\/p>\n\n\n\n<p>M &#8211; LE FAUX PAS &#8211; DIE VERBESSERUNG DER ALPE Forum Genuss Alpen, 5. Juni Gasthof Adler\/EGG-GROSSDORF<\/p>\n\n\n\n<p>AB &#8211; LEUCHTE! DESIGNIKONE IM LICHT DER KUNST&nbsp;Weserburg&nbsp;Museum&nbsp;f\u00fcr moderne Kunst, 12. M\u00e4rz &#8211; 10. Juli\/BREMEN<\/p>\n\n\n\n<p>V\/M &#8211; THE MARQUISE DE SADE`S GOOD TASTE&nbsp;San Francisco Art Institute, 19. April\/SAN FRANCISCO<\/p>\n\n\n\n<p class=\"has-large-font-size\"><strong>2015<\/strong><\/p>\n\n\n\n<p>AB\/M &#8211; SATURNALIEN II Galerie Konzett, 17. Dezember\/WIEN<\/p>\n\n\n\n<p>EA &#8211; LA CUCCAGNA&nbsp;a cura di Achille Bonito Oliva&nbsp;Fondazione Morra Napoli, 30. September \u2013 31.&nbsp;Oktober\/NAPOLI<\/p>\n\n\n\n<p>AB &#8211; INDIGESTUM&nbsp;Palazzo Bottigella Giandini, 19. September\/PAVIA<\/p>\n\n\n\n<p>M &#8211; ROUGE ET NOIR&nbsp;Werkraum Bregenzerwald,&nbsp; 5. September\/ANDELSBUCH<\/p>\n\n\n\n<p>AB &#8211; D\u00c9SASTRE&nbsp;mit Celesta Bufano, Lorenzo Brivio, Luna de Rosa&nbsp;Andelsbuch Bahnhof&nbsp; 5.&nbsp;September \u2013 16. Oktober\/ANDELSBUCH<\/p>\n\n\n\n<p>M &#8211; Forum Austriaco di Cultura Roma, 12. Juni\/ROMA<\/p>\n\n\n\n<p>M &#8211; DAS ILLEGALE WIRTSHAUS Gasthof Adler, 7. Juni\/EGG-GROSSDORF<\/p>\n\n\n\n<p>M &#8211; INSIDE OUT&nbsp;Museo Nitsch, Napoli 10. Mai\/NAPOLI<\/p>\n\n\n\n<p>A &#8211; ALIMENTO ARTE&nbsp;Academia Mondo Regione Lombardia, 21. April &#8211; 31. Oktober\/MILANO<\/p>\n\n\n\n<p>EA &#8211; QUADRATO MAGICO&nbsp;mit Davide Nido Spazio CUT 1. Mai \u2013 31. Mai\/MILANO<\/p>\n\n\n\n<p>AB &#8211; VIENNA FOR ART`S SAKE&nbsp;Winterpalais Belvedere, 27. Februar &#8211; 31. Mai\/WIEN<\/p>\n\n\n\n<p>AB &#8211; KUNSTGENUSS ESSEN Nordico Stadtmuseum, 14. November 2014 &#8211; 22. M\u00e4rz 2015\/LINZ<\/p>\n\n\n\n<p class=\"has-large-font-size\"><strong>2014<\/strong><\/p>\n\n\n\n<p>AB\/P &#8211; SATURNALIEN&nbsp;Galerie Konzett, 18.12.2014 \u2013 31. Januar 2015\/WIEN<\/p>\n\n\n\n<p>EA\/P &#8211; THE HALL OF FAME Sagmeister Der Mann Bregenz, 28. November 2014 \u2013 28. Januar 2015\/BREGENZ<\/p>\n\n\n\n<p>V &#8211; KUNSTSPARBUCH Sparkasse Bregenz, 25. November 2014 &#8211; BREGENZ<\/p>\n\n\n\n<p>EA\/P &#8211; SUPERNOVA 1604&nbsp;Osservatorio Astronomico di Capodimonte,&nbsp;9. Oktober\/NAPOLI<\/p>\n\n\n\n<p>A\/B &#8211; SESSEL, STUHL, HOCKER in der Kunst&nbsp;Galerie im Traklhaus,&nbsp;16. Juni &#8211; 13. September\/SALZBURG<\/p>\n\n\n\n<p>M\/V &#8211; Deutsches Literaturarchiv Marbach mit Christoph K\u00f6nig, 26. Juni\/MARBACH<\/p>\n\n\n\n<p>P &#8211; LICHTDECKE BIENENSTOCK Sparkasse,&nbsp;6. Juni\/BEZAU<\/p>\n\n\n\n<p>M &#8211; NIEREN BOTANISIERT &amp; PFLANZEN IN AHORN&nbsp;Almhof Schneider,&nbsp;10. Januar\/LECH<\/p>\n\n\n\n<p class=\"has-large-font-size\"><strong>2013<\/strong><\/p>\n\n\n\n<p>M &#8211; TECHNOLOGY DINNER Vescon, 28. November\/GLEISDORF<\/p>\n\n\n\n<p>AB &#8211; NUDEL CALDO Galerie Konzett, 18. November &#8211; 24. Januar 2014\/WIEN<\/p>\n\n\n\n<p>M &#8211; CENA DE LOS MUERTO Loft City, 16. November\/WIEN<\/p>\n\n\n\n<p>V &#8211; FILMPORTRAIT PAUL RENNER von Ingrid Adamer Vorarlberg Museum, 6. November\/BREGENZ<\/p>\n\n\n\n<p>P &#8211; LA CUCCAGNA ein illegales Wirtshaus Tabakscheune B\u00fchler, 19. &#8211; 22.September\/MANNHEIM-SECKENHEIM<\/p>\n\n\n\n<p>P &#8211; LA CUCCAGNA CUCCINA SADICA, Accademia di Belle Arti di Brera San Carpoforo, 24. Mai\/MILANO<\/p>\n\n\n\n<p>P &#8211; DIE METAPHER VOM BIENENSTOCK Sozialzentrum, 26. April\/EGG<\/p>\n\n\n\n<p>EA &#8211; ART AUSTRIA Galerie Konzett Leopold Museum, 11. &#8211; 14. April\/WIEN<\/p>\n\n\n\n<p>M &#8211; STILLE IN FALTEN SCHICHTEN in Falten Schichten Imago Dei Festival mit Oswald Wiener und Alexander Moosbrugger, 29. M\u00e4rz\/KREMS<\/p>\n\n\n\n<p>AB\/A&nbsp; &#8211; TRIBUTE TO FRANZ WEST Galerie Konzett, 21. M\u00e4rz &#8211; 25. Mai\/WIEN<\/p>\n\n\n\n<p class=\"has-large-font-size\"><strong>2012<\/strong><\/p>\n\n\n\n<p>V\/M &#8211; GLOBART ACADEMY mit Markus Hinterh\u00e4user, 29. September\/KREMS<\/p>\n\n\n\n<p>M &#8211; HONIG &amp; WACHS-LEBER &amp; SCHNAPS Galerie Konzett, 26. September &#8211; 20. Oktober\/WIEN<\/p>\n\n\n\n<p>EA &#8211; BIENENSTOCK KOMPRIMIERT Galerie Konzett, 20. September &#8211; 20. Oktober\/WIEN<\/p>\n\n\n\n<p>V &#8211; SPRACHSALZ 10. Internationale Tiroler Literaturtage, 14. &#8211; 16. September\/HALL<\/p>\n\n\n\n<p>EA &#8211; ART BODENSEE Galerie Konzett, 13. &#8211; 15. Juli\/DORNBIRN<\/p>\n\n\n\n<p>AB &#8211; zBREAGAZ Palais Thurn &amp; Taxis Bregenz, 7. Juli &#8211; 5. August\/BREGENZ<\/p>\n\n\n\n<p>P &#8211; DIE METAPHER VOM BIENENSTOCK Sozialzentrum, 29. Juni\/EGG<\/p>\n\n\n\n<p>V\/M &#8211; CORPUS EDILIBIS Forum Austriaco di Cultura, 22. Juni\/ROMA<\/p>\n\n\n\n<p>V\/M &#8211; INGREDIENTI Architekturstiftung S\u00fcdtirol, Samstag 17. M\u00e4rz\/BOZEN<\/p>\n\n\n\n<p>M &#8211; L`OSTERIA ILLEGALE Almhof Schneider, 7. Februar\/LECH<\/p>\n\n\n\n<p class=\"has-large-font-size\"><strong>2011<\/strong><\/p>\n\n\n\n<p>P &#8211; DAS ILLEGALE WIRTSHAUS 15. Oktober &#8211; 10. Dezember\/ALTAVILLA MONFERRATO<\/p>\n\n\n\n<p>P &#8211; MEMO KOMPAKTPROJEKTE Universit\u00e4t Liechtenstein, 3. &#8211; 8. Oktober\/VADUZ<\/p>\n\n\n\n<p>AB &#8211; TIERE IN DER KUNST Galerie im Traklhaus, 22. Juni &#8211; 3. September\/SALZBURG<\/p>\n\n\n\n<p>M &#8211; DAS TEUFLISCHE BANKETT Euro Mediterranean Arts &amp; Fondazione Morra, 21. Juni\/NAPOLI<\/p>\n\n\n\n<p>EA &#8211; THE CONSECRATION OF THE BAR Leo Koenig Inc., 25. M\u00e4rz &#8211; 30. April\/NEW YORK<\/p>\n\n\n\n<p>V &#8211; CACCIUCCO RINFORZATO m32, 14. M\u00e4rz\/SALZBURG<\/p>\n\n\n\n<p>V &#8211; CACCIUCCO RINFORZATO Der Seehof, 13. M\u00e4rz\/GOLDEGG<\/p>\n\n\n\n<p>P &#8211; THE CONSECRATION OF THE BAR Andrew und Christine Hall Foundation, 17. September\/DERNEBURG<\/p>\n\n\n\n<p class=\"has-large-font-size\"><strong>2010<\/strong><\/p>\n\n\n\n<p>P &#8211; DIE SEEHOF BAR, 10.Dezember\/GOLDEGG<\/p>\n\n\n\n<p>V &#8211; CARO CURTZIO! MON CHER POPAUL! mit Kurt Bracharz Conrad Sohm, 25. November\/DORNBIRN<\/p>\n\n\n\n<p>M &#8211; MATRIMONIO ALCHEMICO, 21. November\/ALTAVILLA MONFERRATO<\/p>\n\n\n\n<p>EA &#8211; MANIRISMUS, MOST &amp; MAKULATUR Museum f\u00fcr Druckgrafik, 16. Sept. &#8211; 2. Okt.\/RANKWEIL<\/p>\n\n\n\n<p>AB &#8211; LAMPADE DI CHANUKKAH Communita Ebraica, 5. September\/CASALE MONFERRATO<\/p>\n\n\n\n<p>EA &#8211; FENGHUANG: METAMORPHOSES Three on the Bund, 15. &#8211; 30. Mai\/SHANGHAI<\/p>\n\n\n\n<p>V &#8211; THE HELL FIRE DINING CLUB City Plaza 7. &#8211; 15. April\/SHANGHAI<\/p>\n\n\n\n<p>M &#8211; WUNDERKAMMERBANKETT Almhof Schneider, 9. Februar\/LECH<\/p>\n\n\n\n<p>V &#8211; THE HELL FIRE DINING CLUB Universit\u00e4t Liechtenstein, 15. Dezember\/VADUZ<\/p>\n\n\n\n<p class=\"has-large-font-size\"><strong>2009<\/strong><\/p>\n\n\n\n<p>EA &#8211; GEFILLTE FISCH Sala Mostre della Communit\u00e0 Ebraica, 13.Dezember &#8211; 10. Januar\/CASALE MONFERRATO<\/p>\n\n\n\n<p>M &#8211; GEFILLTE FISCH un hommage culinaria a Aldo Mondino, 13. Dezember\/ALTAVILLA MONFERRATO<\/p>\n\n\n\n<p>EA &#8211; ESILIO A CAPRI Fondazione Morra, 18. September &#8211; 18. Oktober\/NAPOLI<\/p>\n\n\n\n<p>M &#8211; VENUS IN THE KITCHEN Vigna San Martin, 18. September\/NAPOLI<\/p>\n\n\n\n<p>V &#8211; ESILIO A CAPRI Villa Fersen, 19. September\/CAPRI<\/p>\n\n\n\n<p>AB &#8211; MAHLZEIT ESSEN IN DER KUNST Galerie im Traklhaus, 22. Juli &#8211; 26. September\/SALZBURG<\/p>\n\n\n\n<p>AB &#8211; NITSCH VORBILDER ZEITGENOSSEN LEHRE K\u00fcnstlerhaus, 25. Juni &#8211; 23. August\/WIEN<\/p>\n\n\n\n<p>AB &#8211; MAY DAY, THE DAR TIMES Fish Gallery, 2. Mai &#8211; 12. Juni\/HASTINGS<\/p>\n\n\n\n<p>EA &#8211; THE OMAHA DINER Bemis Center for Contemporary Arts, 1. Mai &#8211; 7. Juni\/OMAHA<\/p>\n\n\n\n<p>M &#8211; THE OMAHA DINER Bemis Center for Contemporary Arts, 8. + 9. Mai\/OMAHA<\/p>\n\n\n\n<p>V &#8211; BUCHPR\u00c4SENTATION THEATRUM ANATOMICUMB Kunsthaus, 17. April\/BREGENZ<\/p>\n\n\n\n<p>V\/M &#8211; EXZESS AUS ASKESEmit Felix Kauf, Christian Uetz &amp; Stefan Zweifel Klangraum Krems, 5. April\/KREMS<\/p>\n\n\n\n<p>V &#8211; THE HELL FIRE TOURING &amp; DINING CLUB Boiler Room, 23. Februar\/OMAHA<\/p>\n\n\n\n<p class=\"has-large-font-size\"><strong>2008<\/strong><\/p>\n\n\n\n<p>AB &#8211; PARADISO TERRESTRE Bonelli Lab, 25. Oktober &#8211; 8. Februar 2009\/CANNETO SULL OGLIO<\/p>\n\n\n\n<p>V &#8211; DIE HONIG BAR Fabrik Lang, 17. Oktober\/EGG<\/p>\n\n\n\n<p>AB &#8211; K\u00c4SERENNEN Gemeinschaftsarbeiten mit Dieter Roth Galerie Konzett, 11.Sep. &#8211; 4. Okt.\/WIEN<\/p>\n\n\n\n<p>AB &#8211; DIE diethARdT COLLECTION\/GRAZ<\/p>\n\n\n\n<p>M &#8211; DER TURM ZU BABEL diethARdT COLLECTION, 12. April\/GRAZ<\/p>\n\n\n\n<p>AB &#8211; GOLD ZERO KARATI MyOwnGallery, 19. M\u00e4rz &#8211; 6. April\/MILANO<\/p>\n\n\n\n<p class=\"has-large-font-size\"><strong>2007<\/strong><\/p>\n\n\n\n<p>P &#8211; RAUSCH &amp; WUNDERKAMMER Almhof Schneider, 15. Dezember\/LECH<\/p>\n\n\n\n<p>AB &#8211; EXITUS TOD ALLT\u00c4GLICH K\u00fcnstlerhaus, 20. Oktober &#8211; 6. Januar 2008\/WIEN<\/p>\n\n\n\n<p>M &#8211; GRANDE FINALE Villa Maund Hopfreben, 13. Oktober\/SCHOPPERNAU<\/p>\n\n\n\n<p>P &#8211; THEATRUM ANATOMICUM Kunsthaus, 6. &#8211; 13. Juli\/BREGENZ<\/p>\n\n\n\n<p>M &#8211; THE GARDEN OF VENUS Hermann Nitsch Museum, 26. Mai\/MISTELBACH<\/p>\n\n\n\n<p>V &#8211; DRUCKGRAFIK CONTRO CORRENTE Klinik P\u00f6seldorf, 21. Mai\/HAMBURG<\/p>\n\n\n\n<p>EA &#8211; HARDCORE DINER EXTRAKT Galerie Martin Geier, 11. &#8211; 30. Mai\/ALGUND<\/p>\n\n\n\n<p>EA &#8211; KONZETT PRESENTS THE ANATOMIC THEATER Galerie Konzett, 12. &#8211; 28. April\/WIEN<\/p>\n\n\n\n<p class=\"has-large-font-size\"><strong>2006<\/strong><\/p>\n\n\n\n<p>V &#8211; CATALOGUE PRESENTATION &amp; GOULASH FIESTA at Sunny`s Red Hook, 14. Dezember\/NEW YORK<\/p>\n\n\n\n<p>AB &#8211; SENZA FAMIGLIA La Societ\u00e0 Promotrice delle belle Arti, 11. November &#8211; 10. Dezember\/TORINO<\/p>\n\n\n\n<p>V &#8211; GENUSS AM SEE Festspielhaus, 15. Oktober\/BREGENZ<\/p>\n\n\n\n<p>AB &#8211; BON APP\u00c9TIT Galerie Lisi H\u00e4mmerle, 7. Oktober\/BREGENZ<\/p>\n\n\n\n<p>AB &#8211; GEFANGENE SEELEN, GEF\u00dcLLTE SCHW\u00c4NZE Deutschvilla, 15. &#8211; 30. September\/STROBL AM WOLFGANGSEE<\/p>\n\n\n\n<p>EA &#8211; ICONOGRAPHIA TENEBRARUM Galerie Baviera, 24. August &#8211; 15. Oktober\/Z\u00dcRICH<\/p>\n\n\n\n<p>M &#8211; SCHMECK`s! KROPFETER, Galerie Baviera, 23. August\/Z\u00dcRICH<\/p>\n\n\n\n<p>EA\/P &#8211; HARDCORE DINER Galerie Leo Koenig Inc., 6. &#8211; 10. Mai\/NEW YORK<\/p>\n\n\n\n<p>V &#8211; KUNST ESSEN Film von Alex Hesse, Erstausstrahlung, 23. Januar\/3 SAT<\/p>\n\n\n\n<p class=\"has-large-font-size\"><strong>2005<\/strong><\/p>\n\n\n\n<p>M &#8211; THE HELL FIRE TOURING CLUB Can Marqu\u00e8s, 4. Dezember\/PALMA DE MALLORCA<\/p>\n\n\n\n<p>EA &#8211; EL PATIO Can Marqu\u00e8s, 14. Oktober &#8211; 4. Dezember\/PALMA DE MALLORCA<\/p>\n\n\n\n<p>M &#8211; \u00dcBERWINDUNG DES EKELS 120 Jahre von Sodom m32 Museum der Moderne, 30. Sept.\/SALZBURG<\/p>\n\n\n\n<p>M\/ HERMAPHRODITEN AUS SALZ UND ALAUN Galerie Esplanade, 23. Juli\/BAD ISCHL<\/p>\n\n\n\n<p>AB &#8211; DALLA A ALLA M Galleria Susanna Orlando, 23. Juli &#8211; 31. August\/FORTE DEI MARMI<\/p>\n\n\n\n<p>M &#8211; \u00c0 REBOURS Feldkirchfestival Pf\u00f6rtnerhaus, 7. + 10. Juni\/FELDKIRCH<\/p>\n\n\n\n<p>EA &#8211; DE MODO AMALGAMANDI mit Dany Vescovi Pf\u00f6rtnerhaus, 1. &#8211; 12. Juni\/FELDKIRCH<\/p>\n\n\n\n<p>M &#8211; GENESI IN PROVETTA, ETH Z\u00fcrich, 29. Juni\/Z\u00dcRICH<\/p>\n\n\n\n<p>EA &#8211; STUDIOLO PATAFISICO Kunstverein Galerie Esplanade, 18. Juni &#8211; 23. Juli\/BAD ISCHL<\/p>\n\n\n\n<p>V &#8211; THE HELL FIRE TOURING &amp; DINING CLUB ETH Z\u00fcrich, 11. April\/Z\u00dcRICH<\/p>\n\n\n\n<p class=\"has-large-font-size\"><strong>2004<\/strong><\/p>\n\n\n\n<p>V\/M &#8211; KUNST PHILOSOPHIE &amp; VERDAUUNG mit Erwin Wurm Urania Wien, 29. November\/WIEN<\/p>\n\n\n\n<p>V &#8211; CHANGING STRATEGIES The Principles of Tasty Spaces WUK, 8. November\/WIEN<\/p>\n\n\n\n<p>AB &#8211; LA MORTE TI FA BELLA San Salvatore Galleria, 30. Oktober &#8211; 4. Dezember\/MODENA<\/p>\n\n\n\n<p>AB &#8211; HYBRIS Dany Vescovi Bonelli Arte Contemporanea, 23. Oktober &#8211; 28. November\/MANTOVA<\/p>\n\n\n\n<p>EA &#8211; MITTERBAD Art Scarpulin, 24. September &#8211; 15. Oktober\/MERAN<\/p>\n\n\n\n<p>M &#8211; WEGELAGEREI IM KURPARK Schlo\u00df Pienzenau, 24. September\/MERAN<\/p>\n\n\n\n<p>P &#8211; HANDLUNGSANWEISUNG Kunsthalle, 30. Juli\/WIEN<\/p>\n\n\n\n<p>AB\/V &#8211; FIAT MENSA Stadtmuseum, 11. Mai &#8211; 12. Juni\/KLAUSEN<\/p>\n\n\n\n<p>M &#8211; FIAT MENSA Kapuzienerkloster, 17. April\/KLAUSEN<\/p>\n\n\n\n<p>M &#8211; THE HELL FIRE DINING CLUB Kunstnacht 19. M\u00e4rz\/BLUDENZ<\/p>\n\n\n\n<p>EA\/P &#8211; THE HELL FIRE DINING CLUB Kunsthalle, 22.Januar &#8211; 8. Februar\/WIEN<\/p>\n\n\n\n<p class=\"has-large-font-size\"><strong>2003<\/strong><\/p>\n\n\n\n<p>EA &#8211; TEATRO ANATOMICO Villa Paleotti Isolani, 11. Oktober &#8211; 14. Dezember\/MINERBIO<\/p>\n\n\n\n<p>AB &#8211; SIGNORI SI PARTE! Appunti di viaggio memorie e ricordi, 6. Juli &#8211; 30. August\/TRENTINO + VAL DI NON<\/p>\n\n\n\n<p>EA &#8211; NARRENTURM Landesgalerie Ober\u00f6sterreich Kubin Haus, 25. April &#8211; 30. Mai\/ZWICKLEDT<\/p>\n\n\n\n<p>EA &#8211; THE HELL FIRE TOURING CLUB Galerie Schlo\u00df Hollenburg, 14. Dezember &#8211; 11. Januar\/HOLLENBURG<\/p>\n\n\n\n<p>M &#8211; SCHIZO GOURMET Schlo\u00df Hollenburg, 14. Dezember\/HOLLENBURG<\/p>\n\n\n\n<p>AB &#8211; FLUXUS UND FREUNDE Sammlung Schnepel Kunstmuseum, 4. Dezember &#8211; 7. M\u00e4rz 2004\/BONN<\/p>\n\n\n\n<p class=\"has-large-font-size\"><strong>2002<\/strong><\/p>\n\n\n\n<p>EA &#8211; THE HELL FIRE TOURING CLUB Palazzo Spagnulo Fondazione Morra, 5. Oktober &#8211; 16. November\/NAPOLI<\/p>\n\n\n\n<p>M &#8211; EUROPA ERMETICA Vigna San Martin, 7. Oktober\/NAPOLI<\/p>\n\n\n\n<p>P &#8211; THEATRES OF MEMORY Billboards Kunsthaus, 20. September\/BREGENZ<\/p>\n\n\n\n<p>AB &#8211; MEDIUM BERGE K\u00fcnstlerhaus Palais Thurn und Taxis, 13. Juli &#8211; 1. September\/BREGENZ<\/p>\n\n\n\n<p>EA &#8211; ON THE ROAD WITH THE HELL FIRE TOURING CLUB Galerie Lisi H\u00e4mmerle, 12. Juli &#8211; 18. August\/BREGENZ<\/p>\n\n\n\n<p>M &#8211; DINING WITH THE HELL FIRE TOURING CLUB Galerie Lisi H\u00e4mmerle, 11. Juli\/BREGENZ<\/p>\n\n\n\n<p>AB &#8211; FLUXUS UND FREUNDE Sammlung Schnepel Neues Museum Weserburg, 5. Mai &#8211; 14. Juli\/BREMEN<\/p>\n\n\n\n<p>V &#8211; THE HELL FIRE TOURING CLUB Villa Gazzola San Ciriaco, 6. April\/NEGRAR VALPOLICELLA<\/p>\n\n\n\n<p>V &#8211; THE HELL FIRE TOURING CLUB mit Medlar Lucan Kunsthalle, 28. Februar\/WIEN<\/p>\n\n\n\n<p class=\"has-large-font-size\"><strong>2001<\/strong><\/p>\n\n\n\n<p>V\/M &#8211;&nbsp; THE HELL FIRE TOURING CLUB Travellers Club, 30. November\/LONDON<\/p>\n\n\n\n<p>EA &#8211; ARTISSIMA KUNSTMESSE Fondazione Morra, 14. &#8211; 18. November\/TORINO<\/p>\n\n\n\n<p>V\/M &#8211; RENNER &amp; ZOJEVo Villa Maund Hopfreben, 28. September\/SCHOPPERNAU<\/p>\n\n\n\n<p>V\/M &#8211; REN\u00c9 SCHMITZ &amp; PAUL RENNER L\u00b4Agath Hesp\u00e9range, 17. M\u00e4rz\/LUXEMBOURG<\/p>\n\n\n\n<p class=\"has-large-font-size\"><strong>2000<\/strong><\/p>\n\n\n\n<p>V &#8211; THE HELL FIRE TOURING CLUB Beardsley House, 8. November\/LONDON<\/p>\n\n\n\n<p>M &#8211; CONTRO CORRENTE Vigna San Martin,10. Juni\/NAPOLI<\/p>\n\n\n\n<p>V\/M &#8211; VOLL IN DIE LEERE Villa Maund Hopfreben, 7. Juli\/SCHOPPERNAU<\/p>\n\n\n\n<p>P &#8211; FAUST HAUS, 27.Juli\/PRAG<\/p>\n\n\n\n<p>EA &#8211; A REBOURS Fondazione Morra Palazzo Spagnulo, 9. Juni &#8211; 1. Oktober\/NAPOLI<\/p>\n\n\n\n<p><a href=\"https:\/\/paulrenner.net\/\"><\/a><\/p>\n","protected":false},"excerpt":{"rendered":"<p>EA &#8211; Einzelausstellung&nbsp; AB &#8211; Ausstellungsbeteiligung&nbsp; P &#8211; Projekt \/ Kunst am Bau&nbsp; M &#8211; Men\u00fc \/ Event V &#8211; Vortrag \/ Pr\u00e4sentation \/ Lesung \/ Konzert \/ Film 2025 EA &#8211; 12. Mai \u2013 31. Juli 2025 | ALCHEMICAL&nbsp;ALPHABET | Galerie Konzett | WIEN&nbsp; EA &#8211; 31. Mai \u2013 13. Juli 2025&nbsp; | VICTORIAN [&hellip;]<\/p>\n","protected":false},"author":1,"featured_media":0,"parent":0,"menu_order":2,"comment_status":"closed","ping_status":"closed","template":"","meta":[],"_links":{"self":[{"href":"https:\/\/paulrenner.net\/index.php?rest_route=\/wp\/v2\/pages\/27"}],"collection":[{"href":"https:\/\/paulrenner.net\/index.php?rest_route=\/wp\/v2\/pages"}],"about":[{"href":"https:\/\/paulrenner.net\/index.php?rest_route=\/wp\/v2\/types\/page"}],"author":[{"embeddable":true,"href":"https:\/\/paulrenner.net\/index.php?rest_route=\/wp\/v2\/users\/1"}],"replies":[{"embeddable":true,"href":"https:\/\/paulrenner.net\/index.php?rest_route=%2Fwp%2Fv2%2Fcomments&post=27"}],"version-history":[{"count":149,"href":"https:\/\/paulrenner.net\/index.php?rest_route=\/wp\/v2\/pages\/27\/revisions"}],"predecessor-version":[{"id":503,"href":"https:\/\/paulrenner.net\/index.php?rest_route=\/wp\/v2\/pages\/27\/revisions\/503"}],"wp:attachment":[{"href":"https:\/\/paulrenner.net\/index.php?rest_route=%2Fwp%2Fv2%2Fmedia&parent=27"}],"curies":[{"name":"wp","href":"https:\/\/api.w.org\/{rel}","templated":true}]}}